{"id":4350,"date":"2022-06-17T21:59:01","date_gmt":"2022-06-17T21:59:01","guid":{"rendered":"https:\/\/www.ccplima.org.pe\/wp2\/?page_id=4350"},"modified":"2025-11-11T10:02:45","modified_gmt":"2025-11-11T15:02:45","slug":"organos-institucionales","status":"publish","type":"page","link":"https:\/\/www.ccplima.org.pe\/wp2\/organos-institucionales\/","title":{"rendered":"Organos Institucionales"},"content":{"rendered":"<p>[et_pb_section fb_built=\u00bb1&#8243; fullwidth=\u00bbon\u00bb admin_label=\u00bbHero\u00bb _builder_version=\u00bb4.17.3&#8243; use_background_color_gradient=\u00bbon\u00bb background_color_gradient_direction=\u00bb90deg\u00bb background_color_gradient_stops=\u00bb#eeeff2 33%|rgba(238,239,242,0) 52%\u00bb background_color_gradient_overlays_image=\u00bbon\u00bb background_color_gradient_start=\u00bb#eeeff2&#8243; background_color_gradient_start_position=\u00bb33%\u00bb background_color_gradient_end=\u00bbrgba(238,239,242,0)\u00bb background_color_gradient_end_position=\u00bb52%\u00bb background_image=\u00bbhttps:\/\/www.ccplima.org.pe\/wp2\/wp-content\/uploads\/2025\/11\/SL_1.png\u00bb global_colors_info=\u00bb{}\u00bb][et_pb_fullwidth_header title=\u00bbINSTITUCIONAL\u00bb subhead=\u00bbOrganos Institucionales\u00bb content_max_width=\u00bb600px\u00bb _builder_version=\u00bb4.17.3&#8243; title_font=\u00bbRubik|700||on|||||\u00bb title_text_color=\u00bb#0C71C3&#8243; title_font_size=\u00bb20px\u00bb title_letter_spacing=\u00bb5px\u00bb title_line_height=\u00bb0.5em\u00bb content_font=\u00bbRubik||||||||\u00bb content_font_size=\u00bb18px\u00bb subhead_font=\u00bbRubik|700|||||||\u00bb subhead_text_color=\u00bbrgba(0,0,0,0.8)\u00bb subhead_font_size=\u00bb55px\u00bb subhead_line_height=\u00bb1.5em\u00bb background_color=\u00bbrgba(255,255,255,0)\u00bb use_background_color_gradient=\u00bbon\u00bb background_color_gradient_stops=\u00bbrgba(255,255,255,0) 50%|rgba(255,255,255,0.7) 100%\u00bb background_color_gradient_start=\u00bbrgba(255,255,255,0)\u00bb background_color_gradient_start_position=\u00bb50%\u00bb background_color_gradient_end=\u00bbrgba(255,255,255,0.7)\u00bb background_size=\u00bbcontain\u00bb background_position=\u00bbbottom_center\u00bb custom_button_one=\u00bbon\u00bb button_one_text_size=\u00bb16px\u00bb button_one_text_color=\u00bb#ffffff\u00bb button_one_bg_color=\u00bb#ff7355&#8243; button_one_border_width=\u00bb15px\u00bb button_one_border_color=\u00bbrgba(210,159,104,0)\u00bb button_one_border_radius=\u00bb100px\u00bb button_one_letter_spacing=\u00bb0px\u00bb button_one_font=\u00bbRubik|700|||||||\u00bb button_one_use_icon=\u00bboff\u00bb custom_button_two=\u00bbon\u00bb button_two_text_size=\u00bb16px\u00bb button_two_text_color=\u00bb#ffffff\u00bb button_two_bg_color=\u00bbrgba(0,0,0,0.6)\u00bb button_two_border_width=\u00bb15px\u00bb button_two_border_color=\u00bbrgba(210,159,104,0)\u00bb button_two_border_radius=\u00bb100px\u00bb button_two_letter_spacing=\u00bb0px\u00bb button_two_font=\u00bbRubik|700|||||||\u00bb button_two_use_icon=\u00bboff\u00bb background_layout=\u00bblight\u00bb max_width_last_edited=\u00bboff|desktop\u00bb module_alignment=\u00bbcenter\u00bb custom_margin=\u00bb|||\u00bb custom_padding=\u00bb8vw||12vw|||\u00bb subhead_font_size_tablet=\u00bb\u00bb subhead_font_size_phone=\u00bb30px\u00bb subhead_font_size_last_edited=\u00bbon|phone\u00bb button_one_border_radius_hover=\u00bb100px\u00bb button_two_border_radius_hover=\u00bb100px\u00bb button_one_bg_color_hover=\u00bb#ff8a70&#8243; button_two_bg_color_hover=\u00bb#ff8a70&#8243; global_colors_info=\u00bb{}\u00bb button_one_text_size__hover_enabled=\u00bboff\u00bb button_two_text_size__hover_enabled=\u00bboff\u00bb button_one_text_color__hover_enabled=\u00bboff\u00bb button_two_text_color__hover_enabled=\u00bboff\u00bb button_one_border_width__hover_enabled=\u00bboff\u00bb button_two_border_width__hover_enabled=\u00bboff\u00bb button_one_border_color__hover_enabled=\u00bboff\u00bb button_two_border_color__hover_enabled=\u00bboff\u00bb button_one_border_radius__hover_enabled=\u00bbon\u00bb button_one_border_radius__hover=\u00bb100px\u00bb button_two_border_radius__hover_enabled=\u00bbon\u00bb button_two_border_radius__hover=\u00bb100px\u00bb button_one_letter_spacing__hover_enabled=\u00bboff\u00bb button_two_letter_spacing__hover_enabled=\u00bboff\u00bb button_one_bg_color__hover_enabled=\u00bbon\u00bb button_one_bg_color__hover=\u00bb#ff8a70&#8243; button_two_bg_color__hover_enabled=\u00bbon\u00bb button_two_bg_color__hover=\u00bb#ff8a70&#8243;][\/et_pb_fullwidth_header][\/et_pb_section][et_pb_section fb_built=\u00bb1&#8243; admin_label=\u00bbTestimonials\u00bb _builder_version=\u00bb4.16&#8243; background_image=\u00bbhttps:\/\/www.ccplima.org.pe\/wp2\/wp-content\/uploads\/2022\/04\/shapes-bg-1.png\u00bb parallax=\u00bbon\u00bb custom_padding=\u00bb|||\u00bb locked=\u00bboff\u00bb global_colors_info=\u00bb{}\u00bb][et_pb_row _builder_version=\u00bb4.17.3&#8243; _module_preset=\u00bbdefault\u00bb global_colors_info=\u00bb{}\u00bb][et_pb_column type=\u00bb4_4&#8243; _builder_version=\u00bb4.17.3&#8243; _module_preset=\u00bbdefault\u00bb global_colors_info=\u00bb{}\u00bb][et_pb_text _builder_version=\u00bb4.17.3&#8243; _module_preset=\u00bbdefault\u00bb text_font=\u00bb|800|||||||\u00bb text_font_size=\u00bb25px\u00bb text_line_height=\u00bb1.8em\u00bb global_colors_info=\u00bb{}\u00bb]<\/p>\n<p><strong>\u00d3RGANO DE GOBIERNO<\/strong><\/p>\n<p>[\/et_pb_text][\/et_pb_column][\/et_pb_row][et_pb_row column_structure=\u00bb1_3,2_3&#8243; _builder_version=\u00bb4.17.3&#8243; _module_preset=\u00bbdefault\u00bb background_color=\u00bb#FFFFFF\u00bb border_radii=\u00bbon|6px|6px|6px|6px\u00bb border_width_top=\u00bb10px\u00bb border_color_top=\u00bb#0C71C3&#8243; box_shadow_style=\u00bbpreset2&#8243; global_colors_info=\u00bb{}\u00bb][et_pb_column type=\u00bb1_3&#8243; _builder_version=\u00bb4.17.3&#8243; _module_preset=\u00bbdefault\u00bb custom_padding=\u00bb|||25px|false|false\u00bb global_colors_info=\u00bb{}\u00bb][et_pb_text _builder_version=\u00bb4.17.3&#8243; _module_preset=\u00bbdefault\u00bb text_font=\u00bbRubik|500|||||||\u00bb text_font_size=\u00bb20px\u00bb text_line_height=\u00bb1.2em\u00bb custom_margin=\u00bb||9px|||\u00bb global_colors_info=\u00bb{}\u00bb]<\/p>\n<p>CONSEJO DIRECTIVO<\/p>\n<p>[\/et_pb_text][et_pb_image src=\u00bbhttps:\/\/www.ccplima.org.pe\/wp2\/wp-content\/uploads\/2025\/11\/Consejo_T2-scaled.jpg\u00bb title_text=\u00bbConsejo_T2&#8243; _builder_version=\u00bb4.17.3&#8243; _module_preset=\u00bbdefault\u00bb width=\u00bb88%\u00bb global_colors_info=\u00bb{}\u00bb][\/et_pb_image][\/et_pb_column][et_pb_column type=\u00bb2_3&#8243; _builder_version=\u00bb4.17.3&#8243; _module_preset=\u00bbdefault\u00bb global_colors_info=\u00bb{}\u00bb][et_pb_text _builder_version=\u00bb4.17.3&#8243; _module_preset=\u00bbdefault\u00bb min_height=\u00bb247px\u00bb custom_margin=\u00bb29px|||||\u00bb custom_padding=\u00bb|28px||||\u00bb global_colors_info=\u00bb{}\u00bb]<\/p>\n<ul>\n<li style=\"text-align: justify;\"><strong>Decano:<\/strong> CPC. Francisco Mauro Garc\u00eda Espinoza<\/li>\n<li style=\"text-align: justify;\"><strong>Primer Vicedecano:<\/strong> CPC. Henry Milian Castillo<\/li>\n<li style=\"text-align: justify;\"><strong>Segundo Vicedecano:<\/strong> CPC. Haydee Urban<\/li>\n<li style=\"text-align: justify;\"><strong>Director Secretario:<\/strong> CPC. Claudia Carrascal<\/li>\n<li style=\"text-align: justify;\"><strong>Director de Finanzas:<\/strong> CPC. Noelia Tacza<\/li>\n<li style=\"text-align: justify;\"><strong>Director de Defensa Profesional:<\/strong> CPC. Jos\u00e9 C\u00f3rdova<\/li>\n<li style=\"text-align: justify;\"><strong>Director de Actividades Profesionales:<\/strong> CPC. Juana Bolivar<\/li>\n<li style=\"text-align: justify;\"><strong>Director de Cert\u00e1menes y Conferencias:<\/strong> CPC. Hector Calder\u00f3n<\/li>\n<li style=\"text-align: justify;\"><strong>Director de Imagen Institucional y Publicaciones:<\/strong> CPC. Gloria Morales<\/li>\n<li style=\"text-align: justify;\"><strong>Director de Asistencia Social y Actividades Sociales:<\/strong> CPC. \u00c9dgar Dav\u00e1vila<\/li>\n<li style=\"text-align: justify;\"><strong>Director de Altos Estudios y Auditoria de Gesti\u00f3n:<\/strong> CPC. Carmen Ortiz\u00a0<\/li>\n<li style=\"text-align: justify;\"><strong>Director de Peritos y Tasadores Judiciales:<\/strong> CPC. Julia Lucas<\/li>\n<li style=\"text-align: justify;\"><strong>Director de Contabilidad y Auditoria Financiera:<\/strong> CPC. Jorge Manco<\/li>\n<li style=\"text-align: justify;\"><strong>Director de Asuntos Universitarios:<\/strong> CPC. Javier Jimenez<\/li>\n<li style=\"text-align: justify;\"><strong>Director de Normas Legales y Tributarias:<\/strong> CPC. Erly L\u00e1zaro<\/li>\n<\/ul>\n<p>[\/et_pb_text][\/et_pb_column][\/et_pb_row][et_pb_row _builder_version=\u00bb4.17.3&#8243; _module_preset=\u00bbdefault\u00bb custom_padding=\u00bb||0px|||\u00bb global_colors_info=\u00bb{}\u00bb][et_pb_column type=\u00bb4_4&#8243; _builder_version=\u00bb4.17.3&#8243; _module_preset=\u00bbdefault\u00bb global_colors_info=\u00bb{}\u00bb][et_pb_divider color=\u00bb#b7b7b7&#8243; divider_style=\u00bbdashed\u00bb divider_position=\u00bbcenter\u00bb _builder_version=\u00bb4.17.3&#8243; _module_preset=\u00bbdefault\u00bb custom_padding=\u00bb||0px|||\u00bb global_colors_info=\u00bb{}\u00bb][\/et_pb_divider][\/et_pb_column][\/et_pb_row][et_pb_row disabled_on=\u00bbon|on|on\u00bb _builder_version=\u00bb4.17.3&#8243; _module_preset=\u00bbdefault\u00bb disabled=\u00bbon\u00bb global_colors_info=\u00bb{}\u00bb][et_pb_column type=\u00bb4_4&#8243; _builder_version=\u00bb4.17.3&#8243; _module_preset=\u00bbdefault\u00bb global_colors_info=\u00bb{}\u00bb][et_pb_text _builder_version=\u00bb4.17.3&#8243; _module_preset=\u00bbdefault\u00bb text_font=\u00bb|800|||||||\u00bb text_font_size=\u00bb25px\u00bb text_line_height=\u00bb1.8em\u00bb custom_margin=\u00bb-13px|||||\u00bb global_colors_info=\u00bb{}\u00bb]<\/p>\n<p><strong>\u00d3RGANOS DEONTOL\u00d3GICOS<\/strong><\/p>\n<p>[\/et_pb_text][\/et_pb_column][\/et_pb_row][et_pb_row column_structure=\u00bb1_3,2_3&#8243; disabled_on=\u00bbon|on|on\u00bb _builder_version=\u00bb4.17.3&#8243; _module_preset=\u00bbdefault\u00bb background_color=\u00bb#FFFFFF\u00bb border_radii=\u00bbon|6px|6px|6px|6px\u00bb border_width_top=\u00bb10px\u00bb border_color_top=\u00bb#0C71C3&#8243; box_shadow_style=\u00bbpreset2&#8243; disabled=\u00bbon\u00bb global_colors_info=\u00bb{}\u00bb][et_pb_column type=\u00bb1_3&#8243; _builder_version=\u00bb4.17.3&#8243; _module_preset=\u00bbdefault\u00bb custom_padding=\u00bb|||25px|false|false\u00bb global_colors_info=\u00bb{}\u00bb][et_pb_text _builder_version=\u00bb4.17.3&#8243; _module_preset=\u00bbdefault\u00bb text_font=\u00bbRubik|500|||||||\u00bb text_font_size=\u00bb20px\u00bb text_line_height=\u00bb1.2em\u00bb custom_margin=\u00bb||9px|||\u00bb global_colors_info=\u00bb{}\u00bb]<\/p>\n<p>TRIBUNAL DE HONOR<\/p>\n<p>[\/et_pb_text][et_pb_image src=\u00bbhttps:\/\/www.ccplima.org.pe\/wp2\/wp-content\/uploads\/2024\/11\/foto_cd.jpeg\u00bb title_text=\u00bbfoto_cd\u00bb _builder_version=\u00bb4.17.3&#8243; _module_preset=\u00bbdefault\u00bb width=\u00bb88%\u00bb global_colors_info=\u00bb{}\u00bb][\/et_pb_image][\/et_pb_column][et_pb_column type=\u00bb2_3&#8243; _builder_version=\u00bb4.17.3&#8243; _module_preset=\u00bbdefault\u00bb global_colors_info=\u00bb{}\u00bb][et_pb_text _builder_version=\u00bb4.17.3&#8243; _module_preset=\u00bbdefault\u00bb min_height=\u00bb247px\u00bb custom_margin=\u00bb29px|||||\u00bb custom_padding=\u00bb|28px||||\u00bb global_colors_info=\u00bb{}\u00bb]<\/p>\n<ul>\n<li style=\"text-align: justify;\"><\/li>\n<\/ul>\n<p>[\/et_pb_text][\/et_pb_column][\/et_pb_row][et_pb_row _builder_version=\u00bb4.17.3&#8243; _module_preset=\u00bbdefault\u00bb custom_padding=\u00bb||0px|||\u00bb global_colors_info=\u00bb{}\u00bb][et_pb_column type=\u00bb4_4&#8243; _builder_version=\u00bb4.17.3&#8243; _module_preset=\u00bbdefault\u00bb global_colors_info=\u00bb{}\u00bb][et_pb_divider show_divider=\u00bboff\u00bb _builder_version=\u00bb4.17.3&#8243; _module_preset=\u00bbdefault\u00bb custom_margin=\u00bb-14px|||||\u00bb global_colors_info=\u00bb{}\u00bb][\/et_pb_divider][\/et_pb_column][\/et_pb_row][et_pb_row column_structure=\u00bb1_3,2_3&#8243; disabled_on=\u00bbon|on|on\u00bb _builder_version=\u00bb4.17.3&#8243; _module_preset=\u00bbdefault\u00bb background_color=\u00bb#FFFFFF\u00bb border_radii=\u00bbon|6px|6px|6px|6px\u00bb border_width_top=\u00bb10px\u00bb border_color_top=\u00bb#0C71C3&#8243; box_shadow_style=\u00bbpreset2&#8243; disabled=\u00bbon\u00bb global_colors_info=\u00bb{}\u00bb][et_pb_column type=\u00bb1_3&#8243; _builder_version=\u00bb4.17.3&#8243; _module_preset=\u00bbdefault\u00bb custom_padding=\u00bb|||25px|false|false\u00bb global_colors_info=\u00bb{}\u00bb][et_pb_text _builder_version=\u00bb4.17.3&#8243; _module_preset=\u00bbdefault\u00bb text_font=\u00bbRubik|500|||||||\u00bb text_font_size=\u00bb20px\u00bb text_line_height=\u00bb1.2em\u00bb custom_margin=\u00bb||9px|||\u00bb global_colors_info=\u00bb{}\u00bb]<\/p>\n<p>COMIT\u00c9 DE \u00c9TICA<\/p>\n<p>[\/et_pb_text][et_pb_image src=\u00bbhttps:\/\/www.ccplima.org.pe\/wp2\/wp-content\/uploads\/2024\/11\/foto_cd.jpeg\u00bb title_text=\u00bbfoto_cd\u00bb _builder_version=\u00bb4.17.3&#8243; _module_preset=\u00bbdefault\u00bb width=\u00bb88%\u00bb global_colors_info=\u00bb{}\u00bb][\/et_pb_image][\/et_pb_column][et_pb_column type=\u00bb2_3&#8243; _builder_version=\u00bb4.17.3&#8243; _module_preset=\u00bbdefault\u00bb global_colors_info=\u00bb{}\u00bb][et_pb_text _builder_version=\u00bb4.17.3&#8243; _module_preset=\u00bbdefault\u00bb min_height=\u00bb247px\u00bb custom_margin=\u00bb29px|||||\u00bb custom_padding=\u00bb|28px||||\u00bb global_colors_info=\u00bb{}\u00bb]<\/p>\n<ul>\n<li style=\"text-align: justify;\"><\/li>\n<\/ul>\n<p>[\/et_pb_text][\/et_pb_column][\/et_pb_row][et_pb_row disabled_on=\u00bbon|on|on\u00bb _builder_version=\u00bb4.17.3&#8243; _module_preset=\u00bbdefault\u00bb disabled=\u00bbon\u00bb global_colors_info=\u00bb{}\u00bb][et_pb_column type=\u00bb4_4&#8243; _builder_version=\u00bb4.17.3&#8243; _module_preset=\u00bbdefault\u00bb global_colors_info=\u00bb{}\u00bb][et_pb_divider color=\u00bb#b7b7b7&#8243; divider_style=\u00bbdashed\u00bb divider_position=\u00bbcenter\u00bb _builder_version=\u00bb4.17.3&#8243; _module_preset=\u00bbdefault\u00bb custom_margin=\u00bb||-19px|||\u00bb custom_padding=\u00bb||0px|||\u00bb global_colors_info=\u00bb{}\u00bb][\/et_pb_divider][\/et_pb_column][\/et_pb_row][et_pb_row disabled_on=\u00bbon|on|on\u00bb _builder_version=\u00bb4.17.3&#8243; _module_preset=\u00bbdefault\u00bb disabled=\u00bbon\u00bb global_colors_info=\u00bb{}\u00bb][et_pb_column type=\u00bb4_4&#8243; _builder_version=\u00bb4.17.3&#8243; _module_preset=\u00bbdefault\u00bb global_colors_info=\u00bb{}\u00bb][et_pb_text _builder_version=\u00bb4.17.3&#8243; _module_preset=\u00bbdefault\u00bb text_font=\u00bb|800|||||||\u00bb text_font_size=\u00bb25px\u00bb text_line_height=\u00bb1.8em\u00bb custom_margin=\u00bb-11px|||||\u00bb global_colors_info=\u00bb{}\u00bb]<\/p>\n<p><strong>\u00d3RGANO DE GESTI\u00d3N<\/strong><\/p>\n<p>[\/et_pb_text][\/et_pb_column][\/et_pb_row][et_pb_row column_structure=\u00bb1_3,2_3&#8243; disabled_on=\u00bbon|on|on\u00bb _builder_version=\u00bb4.17.3&#8243; _module_preset=\u00bbdefault\u00bb background_color=\u00bb#FFFFFF\u00bb border_radii=\u00bbon|6px|6px|6px|6px\u00bb border_width_top=\u00bb10px\u00bb border_color_top=\u00bb#7CDA24&#8243; box_shadow_style=\u00bbpreset2&#8243; disabled=\u00bbon\u00bb global_colors_info=\u00bb{}\u00bb][et_pb_column type=\u00bb1_3&#8243; _builder_version=\u00bb4.17.3&#8243; _module_preset=\u00bbdefault\u00bb custom_padding=\u00bb|||25px|false|false\u00bb global_colors_info=\u00bb{}\u00bb][et_pb_text _builder_version=\u00bb4.17.3&#8243; _module_preset=\u00bbdefault\u00bb text_font=\u00bbRubik|500|||||||\u00bb text_font_size=\u00bb20px\u00bb text_line_height=\u00bb1.2em\u00bb custom_margin=\u00bb||9px|||\u00bb global_colors_info=\u00bb{}\u00bb]<\/p>\n<p>GERENCIA<\/p>\n<p>[\/et_pb_text][et_pb_image src=\u00bbhttps:\/\/www.ccplima.org.pe\/wp2\/wp-content\/uploads\/2024\/10\/ugusto_foto.jpeg\u00bb title_text=\u00bbugusto_foto\u00bb _builder_version=\u00bb4.17.3&#8243; _module_preset=\u00bbdefault\u00bb width=\u00bb88%\u00bb global_colors_info=\u00bb{}\u00bb][\/et_pb_image][\/et_pb_column][et_pb_column type=\u00bb2_3&#8243; _builder_version=\u00bb4.17.3&#8243; _module_preset=\u00bbdefault\u00bb global_colors_info=\u00bb{}\u00bb][et_pb_text _builder_version=\u00bb4.17.3&#8243; _module_preset=\u00bbdefault\u00bb min_height=\u00bb247px\u00bb custom_margin=\u00bb29px|||||\u00bb custom_padding=\u00bb|28px||||\u00bb global_colors_info=\u00bb{}\u00bb]<\/p>\n<ul>\n<li style=\"text-align: justify;\"><strong>Gerente General:<\/strong> Augusto Trujillo Wong<\/li>\n<\/ul>\n<p>Augusto Jacinto Trujillo Wong, experto en Inteligencia con grado acad\u00e9mico de Maestro, competencia en gesti\u00f3n e inteligencia estrat\u00e9gica, con experiencia en planeamiento y desarrollo de campa\u00f1as de comunicaci\u00f3n estrat\u00e9gica.<\/p>\n<p>Contador P\u00fablico Colegiado, con m\u00e1s 30 a\u00f1os de experiencia. Especializaciones en Auditor Financiero, Tributario, Forense Antifraude y Perito Contable. Egresado de la Maestr\u00eda de Inteligencia Estrat\u00e9gica. Especializaciones Internacionales en EE.UU, Panam\u00e1 y Espa\u00f1a. Socio Principal de una Sociedad de Auditor\u00eda. Consultor Contable, Tributario y Laboral en el sector privado y p\u00fablico. Consultor en Inteligencia Estrat\u00e9gica. Consultor Pol\u00edtico.<\/p>\n<p>[\/et_pb_text][\/et_pb_column][\/et_pb_row][et_pb_row _builder_version=\u00bb4.17.3&#8243; _module_preset=\u00bbdefault\u00bb global_colors_info=\u00bb{}\u00bb][et_pb_column type=\u00bb4_4&#8243; _builder_version=\u00bb4.17.3&#8243; _module_preset=\u00bbdefault\u00bb global_colors_info=\u00bb{}\u00bb][et_pb_divider color=\u00bb#b7b7b7&#8243; divider_style=\u00bbdashed\u00bb divider_position=\u00bbcenter\u00bb _builder_version=\u00bb4.17.3&#8243; _module_preset=\u00bbdefault\u00bb custom_padding=\u00bb||0px|||\u00bb global_colors_info=\u00bb{}\u00bb][\/et_pb_divider][\/et_pb_column][\/et_pb_row][et_pb_row _builder_version=\u00bb4.17.3&#8243; _module_preset=\u00bbdefault\u00bb custom_margin=\u00bb-3px|auto||auto||\u00bb custom_padding=\u00bb0px|||||\u00bb global_colors_info=\u00bb{}\u00bb][et_pb_column type=\u00bb4_4&#8243; _builder_version=\u00bb4.17.3&#8243; _module_preset=\u00bbdefault\u00bb global_colors_info=\u00bb{}\u00bb][et_pb_text _builder_version=\u00bb4.17.3&#8243; _module_preset=\u00bbdefault\u00bb text_font=\u00bb|800|||||||\u00bb text_font_size=\u00bb25px\u00bb text_line_height=\u00bb1.8em\u00bb custom_margin=\u00bb-11px|||||\u00bb global_colors_info=\u00bb{}\u00bb disabled_on=\u00bbon|on|on\u00bb disabled=\u00bbon\u00bb]<\/p>\n<p><strong>\u00d3RGANOS T\u00c9CNICOS<\/strong><\/p>\n<p>[\/et_pb_text][\/et_pb_column][\/et_pb_row][et_pb_row column_structure=\u00bb1_3,2_3&#8243; _builder_version=\u00bb4.17.3&#8243; _module_preset=\u00bbdefault\u00bb background_color=\u00bb#FFFFFF\u00bb border_radii=\u00bbon|6px|6px|6px|6px\u00bb border_width_top=\u00bb10px\u00bb border_color_top=\u00bb#0C71C3&#8243; box_shadow_style=\u00bbpreset2&#8243; global_colors_info=\u00bb{}\u00bb disabled_on=\u00bbon|on|on\u00bb disabled=\u00bbon\u00bb][et_pb_column type=\u00bb1_3&#8243; _builder_version=\u00bb4.17.3&#8243; _module_preset=\u00bbdefault\u00bb custom_padding=\u00bb|||25px|false|false\u00bb global_colors_info=\u00bb{}\u00bb][et_pb_text _builder_version=\u00bb4.17.3&#8243; _module_preset=\u00bbdefault\u00bb text_font=\u00bbRubik|500|||||||\u00bb text_font_size=\u00bb20px\u00bb text_line_height=\u00bb1.2em\u00bb custom_margin=\u00bb||9px|||\u00bb global_colors_info=\u00bb{}\u00bb]<\/p>\n<p>COMIT\u00c9 T\u00c9CNICO FUNCIONAL DE PERITAJE CONTABLE<\/p>\n<p>[\/et_pb_text][et_pb_image src=\u00bbhttps:\/\/www.ccplima.org.pe\/wp2\/wp-content\/uploads\/2024\/11\/foto_cd.jpeg\u00bb title_text=\u00bbfoto_cd\u00bb _builder_version=\u00bb4.17.3&#8243; _module_preset=\u00bbdefault\u00bb width=\u00bb88%\u00bb global_colors_info=\u00bb{}\u00bb][\/et_pb_image][\/et_pb_column][et_pb_column type=\u00bb2_3&#8243; _builder_version=\u00bb4.17.3&#8243; _module_preset=\u00bbdefault\u00bb global_colors_info=\u00bb{}\u00bb][et_pb_text _builder_version=\u00bb4.17.3&#8243; _module_preset=\u00bbdefault\u00bb min_height=\u00bb247px\u00bb custom_margin=\u00bb29px|||||\u00bb custom_padding=\u00bb|28px||||\u00bb global_colors_info=\u00bb{}\u00bb]<\/p>\n<p style=\"text-align: justify;\">\n<p style=\"text-align: justify;\">\n<p style=\"text-align: justify;\">\n<ul>\n<li style=\"text-align: justify;\"><strong>Presidente:<\/strong> Luis Miguel Guillen Rivera<\/li>\n<li style=\"text-align: justify;\"><strong>Secretario:<\/strong> M\u00e1ximo Luis Rodr\u00edguez Soria<\/li>\n<li style=\"text-align: justify;\"><strong>Vocal:<\/strong> Jorge Mario chunga Mart\u00ednez<\/li>\n<li style=\"text-align: justify;\"><strong>Vocal:<\/strong>\u00a0 V\u00edctor Hugo Andrade Laya<\/li>\n<li style=\"text-align: justify;\"><strong>Vocal:<\/strong> Teodoro Guti\u00e9rrez Fern\u00e1ndez<\/li>\n<\/ul>\n<p>[\/et_pb_text][\/et_pb_column][\/et_pb_row][et_pb_row _builder_version=\u00bb4.17.3&#8243; _module_preset=\u00bbdefault\u00bb custom_padding=\u00bb||0px|||\u00bb global_colors_info=\u00bb{}\u00bb][et_pb_column type=\u00bb4_4&#8243; _builder_version=\u00bb4.17.3&#8243; _module_preset=\u00bbdefault\u00bb global_colors_info=\u00bb{}\u00bb][et_pb_divider show_divider=\u00bboff\u00bb _builder_version=\u00bb4.17.3&#8243; _module_preset=\u00bbdefault\u00bb custom_margin=\u00bb-14px|||||\u00bb global_colors_info=\u00bb{}\u00bb][\/et_pb_divider][\/et_pb_column][\/et_pb_row][et_pb_row column_structure=\u00bb1_3,2_3&#8243; _builder_version=\u00bb4.17.3&#8243; _module_preset=\u00bbdefault\u00bb background_color=\u00bb#FFFFFF\u00bb border_radii=\u00bbon|6px|6px|6px|6px\u00bb border_width_top=\u00bb10px\u00bb border_color_top=\u00bb#0C71C3&#8243; box_shadow_style=\u00bbpreset2&#8243; global_colors_info=\u00bb{}\u00bb disabled_on=\u00bbon|on|on\u00bb disabled=\u00bbon\u00bb][et_pb_column type=\u00bb1_3&#8243; _builder_version=\u00bb4.17.3&#8243; _module_preset=\u00bbdefault\u00bb custom_padding=\u00bb|||25px|false|false\u00bb global_colors_info=\u00bb{}\u00bb][et_pb_text _builder_version=\u00bb4.17.3&#8243; _module_preset=\u00bbdefault\u00bb text_font=\u00bbRubik|500|||||||\u00bb text_font_size=\u00bb20px\u00bb text_line_height=\u00bb1.2em\u00bb custom_margin=\u00bb||9px|||\u00bb global_colors_info=\u00bb{}\u00bb]<\/p>\n<p>COMIT\u00c9 T\u00c9CNICO FUNCIONAL DE TRIBUTACI\u00d3N<\/p>\n<p>[\/et_pb_text][et_pb_image src=\u00bbhttps:\/\/www.ccplima.org.pe\/wp2\/wp-content\/uploads\/2024\/11\/foto_cd.jpeg\u00bb title_text=\u00bbfoto_cd\u00bb _builder_version=\u00bb4.17.3&#8243; _module_preset=\u00bbdefault\u00bb width=\u00bb88%\u00bb global_colors_info=\u00bb{}\u00bb][\/et_pb_image][\/et_pb_column][et_pb_column type=\u00bb2_3&#8243; _builder_version=\u00bb4.17.3&#8243; _module_preset=\u00bbdefault\u00bb global_colors_info=\u00bb{}\u00bb][et_pb_text _builder_version=\u00bb4.17.3&#8243; _module_preset=\u00bbdefault\u00bb min_height=\u00bb247px\u00bb custom_margin=\u00bb29px|||||\u00bb custom_padding=\u00bb|28px||||\u00bb global_colors_info=\u00bb{}\u00bb]<\/p>\n<p style=\"text-align: justify;\">\n<p style=\"text-align: justify;\">\n<p style=\"text-align: justify;\">\n<ul>\n<li style=\"text-align: justify;\"><strong>Presidente:<\/strong> Alfredo Quichiz Chu<\/li>\n<li style=\"text-align: justify;\"><strong>Secretario:<\/strong> M\u00e1ximo Lujan Sol\u00eds<\/li>\n<li style=\"text-align: justify;\"><strong>Vocal:<\/strong> Yolanda Elizabeth Peve Puelles<\/li>\n<li style=\"text-align: justify;\"><strong>Vocal:<\/strong>\u00a0 Jaime Flores Soria<\/li>\n<li><strong>Vocal:<\/strong>\u00a0 David Eduardo Bautista Izquierdo<\/li>\n<\/ul>\n<p>[\/et_pb_text][\/et_pb_column][\/et_pb_row][et_pb_row _builder_version=\u00bb4.17.3&#8243; _module_preset=\u00bbdefault\u00bb custom_padding=\u00bb||0px|||\u00bb global_colors_info=\u00bb{}\u00bb][et_pb_column type=\u00bb4_4&#8243; _builder_version=\u00bb4.17.3&#8243; _module_preset=\u00bbdefault\u00bb global_colors_info=\u00bb{}\u00bb][et_pb_divider show_divider=\u00bboff\u00bb _builder_version=\u00bb4.17.3&#8243; _module_preset=\u00bbdefault\u00bb custom_margin=\u00bb-14px|||||\u00bb global_colors_info=\u00bb{}\u00bb][\/et_pb_divider][\/et_pb_column][\/et_pb_row][et_pb_row column_structure=\u00bb1_3,2_3&#8243; _builder_version=\u00bb4.17.3&#8243; _module_preset=\u00bbdefault\u00bb background_color=\u00bb#FFFFFF\u00bb border_radii=\u00bbon|6px|6px|6px|6px\u00bb border_width_top=\u00bb10px\u00bb border_color_top=\u00bb#0C71C3&#8243; box_shadow_style=\u00bbpreset2&#8243; global_colors_info=\u00bb{}\u00bb disabled_on=\u00bbon|on|on\u00bb disabled=\u00bbon\u00bb][et_pb_column type=\u00bb1_3&#8243; _builder_version=\u00bb4.17.3&#8243; _module_preset=\u00bbdefault\u00bb custom_padding=\u00bb|||25px|false|false\u00bb global_colors_info=\u00bb{}\u00bb][et_pb_text _builder_version=\u00bb4.17.3&#8243; _module_preset=\u00bbdefault\u00bb text_font=\u00bbRubik|500|||||||\u00bb text_font_size=\u00bb20px\u00bb text_line_height=\u00bb1.2em\u00bb custom_margin=\u00bb||9px|||\u00bb global_colors_info=\u00bb{}\u00bb]<\/p>\n<p>COMIT\u00c9 T\u00c9CNICO FUNCIONAL DE ADMINISTRACI\u00d3N Y FINANZAS<\/p>\n<p>[\/et_pb_text][et_pb_image src=\u00bbhttps:\/\/www.ccplima.org.pe\/wp2\/wp-content\/uploads\/2024\/11\/foto_cd.jpeg\u00bb title_text=\u00bbfoto_cd\u00bb _builder_version=\u00bb4.17.3&#8243; _module_preset=\u00bbdefault\u00bb width=\u00bb88%\u00bb global_colors_info=\u00bb{}\u00bb][\/et_pb_image][\/et_pb_column][et_pb_column type=\u00bb2_3&#8243; _builder_version=\u00bb4.17.3&#8243; _module_preset=\u00bbdefault\u00bb global_colors_info=\u00bb{}\u00bb][et_pb_text _builder_version=\u00bb4.17.3&#8243; _module_preset=\u00bbdefault\u00bb min_height=\u00bb247px\u00bb custom_margin=\u00bb29px|||||\u00bb custom_padding=\u00bb|28px||||\u00bb global_colors_info=\u00bb{}\u00bb]<\/p>\n<p style=\"text-align: justify;\">\n<p style=\"text-align: justify;\">\n<p style=\"text-align: justify;\">\n<ul>\n<li style=\"text-align: justify;\"><strong>Presidente:<\/strong> Eder Ronny Lastra Mej\u00eda<\/li>\n<li style=\"text-align: justify;\"><strong style=\"font-size: 14px;\">Secretario:<\/strong><span style=\"font-size: 14px;\"> Cira Luisa Milagros Nieto Gabulle<\/span><\/li>\n<li style=\"text-align: justify;\"><strong>Vocal :<\/strong> Lourdes Haydee S\u00e1nchez Ramos<\/li>\n<li><strong>Vocal :<\/strong> Gino Javier Gonzales Choque<\/li>\n<li style=\"text-align: justify;\"><strong>Vocal <\/strong>: Nataly Troya Gonzales<\/li>\n<\/ul>\n<p>[\/et_pb_text][\/et_pb_column][\/et_pb_row][et_pb_row _builder_version=\u00bb4.17.3&#8243; _module_preset=\u00bbdefault\u00bb custom_padding=\u00bb||0px|||\u00bb global_colors_info=\u00bb{}\u00bb][et_pb_column type=\u00bb4_4&#8243; _builder_version=\u00bb4.17.3&#8243; _module_preset=\u00bbdefault\u00bb global_colors_info=\u00bb{}\u00bb][et_pb_divider show_divider=\u00bboff\u00bb _builder_version=\u00bb4.17.3&#8243; _module_preset=\u00bbdefault\u00bb custom_margin=\u00bb-14px|||||\u00bb global_colors_info=\u00bb{}\u00bb][\/et_pb_divider][\/et_pb_column][\/et_pb_row][et_pb_row column_structure=\u00bb1_3,2_3&#8243; _builder_version=\u00bb4.17.3&#8243; _module_preset=\u00bbdefault\u00bb background_color=\u00bb#FFFFFF\u00bb border_radii=\u00bbon|6px|6px|6px|6px\u00bb border_width_top=\u00bb10px\u00bb border_color_top=\u00bb#0C71C3&#8243; box_shadow_style=\u00bbpreset2&#8243; global_colors_info=\u00bb{}\u00bb disabled_on=\u00bbon|on|on\u00bb disabled=\u00bbon\u00bb][et_pb_column type=\u00bb1_3&#8243; _builder_version=\u00bb4.17.3&#8243; _module_preset=\u00bbdefault\u00bb custom_padding=\u00bb|||25px|false|false\u00bb global_colors_info=\u00bb{}\u00bb][et_pb_text _builder_version=\u00bb4.17.3&#8243; _module_preset=\u00bbdefault\u00bb text_font=\u00bbRubik|500|||||||\u00bb text_font_size=\u00bb20px\u00bb text_line_height=\u00bb1.2em\u00bb custom_margin=\u00bb||9px|||\u00bb global_colors_info=\u00bb{}\u00bb]<\/p>\n<p>COMIT\u00c9 T\u00c9CNICO FUNCIONAL DE PEQUE\u00d1A Y MEDIANA EMPRESA (PYMES)<\/p>\n<p>[\/et_pb_text][et_pb_image src=\u00bbhttps:\/\/www.ccplima.org.pe\/wp2\/wp-content\/uploads\/2024\/11\/foto_cd.jpeg\u00bb title_text=\u00bbfoto_cd\u00bb _builder_version=\u00bb4.17.3&#8243; _module_preset=\u00bbdefault\u00bb width=\u00bb88%\u00bb global_colors_info=\u00bb{}\u00bb][\/et_pb_image][\/et_pb_column][et_pb_column type=\u00bb2_3&#8243; _builder_version=\u00bb4.17.3&#8243; _module_preset=\u00bbdefault\u00bb global_colors_info=\u00bb{}\u00bb][et_pb_text _builder_version=\u00bb4.17.3&#8243; _module_preset=\u00bbdefault\u00bb min_height=\u00bb247px\u00bb custom_margin=\u00bb29px|||||\u00bb custom_padding=\u00bb|28px||||\u00bb global_colors_info=\u00bb{}\u00bb]<\/p>\n<p style=\"text-align: justify;\">\n<p style=\"text-align: justify;\">\n<p style=\"text-align: justify;\">\n<ul>\n<li style=\"text-align: justify;\"><strong>Presidente:<\/strong> Hern\u00e1n William Asunci\u00f3n Portilla<\/li>\n<li style=\"text-align: justify;\"><strong style=\"font-size: 14px;\">Secretario:<\/strong><span style=\"font-size: 14px;\"> Vilma Mar\u00eda Eugenia Chinga Aller<\/span><\/li>\n<li style=\"text-align: justify;\"><strong>Vocal:<\/strong> Jaiker Ronald Ruiz D\u00e1vila<\/li>\n<li><strong>Vocal:<\/strong> Luis Ra\u00fal Mendoza Clerque\u00a0<\/li>\n<li><strong>Vocal:<\/strong> Karen Sofia Pati\u00f1o Baquedano<\/li>\n<\/ul>\n<p>[\/et_pb_text][\/et_pb_column][\/et_pb_row][et_pb_row _builder_version=\u00bb4.17.3&#8243; _module_preset=\u00bbdefault\u00bb custom_padding=\u00bb||0px|||\u00bb global_colors_info=\u00bb{}\u00bb][et_pb_column type=\u00bb4_4&#8243; _builder_version=\u00bb4.17.3&#8243; _module_preset=\u00bbdefault\u00bb global_colors_info=\u00bb{}\u00bb][et_pb_divider show_divider=\u00bboff\u00bb _builder_version=\u00bb4.17.3&#8243; _module_preset=\u00bbdefault\u00bb custom_margin=\u00bb-14px|||||\u00bb global_colors_info=\u00bb{}\u00bb][\/et_pb_divider][\/et_pb_column][\/et_pb_row][et_pb_row column_structure=\u00bb1_3,2_3&#8243; _builder_version=\u00bb4.17.3&#8243; _module_preset=\u00bbdefault\u00bb background_color=\u00bb#FFFFFF\u00bb border_radii=\u00bbon|6px|6px|6px|6px\u00bb border_width_top=\u00bb10px\u00bb border_color_top=\u00bb#0C71C3&#8243; box_shadow_style=\u00bbpreset2&#8243; global_colors_info=\u00bb{}\u00bb disabled_on=\u00bbon|on|on\u00bb disabled=\u00bbon\u00bb][et_pb_column type=\u00bb1_3&#8243; _builder_version=\u00bb4.17.3&#8243; _module_preset=\u00bbdefault\u00bb custom_padding=\u00bb|||25px|false|false\u00bb global_colors_info=\u00bb{}\u00bb][et_pb_text _builder_version=\u00bb4.17.3&#8243; _module_preset=\u00bbdefault\u00bb text_font=\u00bbRubik|500|||||||\u00bb text_font_size=\u00bb20px\u00bb text_line_height=\u00bb1.2em\u00bb custom_margin=\u00bb||9px|||\u00bb global_colors_info=\u00bb{}\u00bb]<\/p>\n<p>COMIT\u00c9 T\u00c9CNICO FUNCIONAL DE AUDITORIA<\/p>\n<p>[\/et_pb_text][et_pb_image src=\u00bbhttps:\/\/www.ccplima.org.pe\/wp2\/wp-content\/uploads\/2024\/11\/foto_cd.jpeg\u00bb title_text=\u00bbfoto_cd\u00bb _builder_version=\u00bb4.17.3&#8243; _module_preset=\u00bbdefault\u00bb width=\u00bb88%\u00bb global_colors_info=\u00bb{}\u00bb][\/et_pb_image][\/et_pb_column][et_pb_column type=\u00bb2_3&#8243; _builder_version=\u00bb4.17.3&#8243; _module_preset=\u00bbdefault\u00bb global_colors_info=\u00bb{}\u00bb][et_pb_text _builder_version=\u00bb4.17.3&#8243; _module_preset=\u00bbdefault\u00bb min_height=\u00bb247px\u00bb custom_margin=\u00bb29px|||||\u00bb custom_padding=\u00bb|28px||||\u00bb global_colors_info=\u00bb{}\u00bb]<\/p>\n<p style=\"text-align: justify;\">\n<p style=\"text-align: justify;\">\n<p style=\"text-align: justify;\">\n<ul>\n<li style=\"text-align: justify;\"><strong>Presidente:<\/strong> Luciano Tu\u00f1oque Mori<\/li>\n<li style=\"text-align: justify;\"><strong style=\"font-size: 14px;\">Secretario:<\/strong><span style=\"font-size: 14px;\"> Jorge Luis Fox Santiva\u00f1ez<\/span><\/li>\n<li style=\"text-align: justify;\"><strong>Vocal:<\/strong> Dennis Anderson Fiueroa Rosales<\/li>\n<li><strong>Vocal:<\/strong> Juan Luis Murillo Percca<\/li>\n<li><strong>Vocal:<\/strong> Marlene Lau Rojas<\/li>\n<\/ul>\n<p>[\/et_pb_text][\/et_pb_column][\/et_pb_row][et_pb_row _builder_version=\u00bb4.17.3&#8243; _module_preset=\u00bbdefault\u00bb custom_padding=\u00bb||0px|||\u00bb global_colors_info=\u00bb{}\u00bb][et_pb_column type=\u00bb4_4&#8243; _builder_version=\u00bb4.17.3&#8243; _module_preset=\u00bbdefault\u00bb global_colors_info=\u00bb{}\u00bb][et_pb_divider show_divider=\u00bboff\u00bb _builder_version=\u00bb4.17.3&#8243; _module_preset=\u00bbdefault\u00bb custom_margin=\u00bb-14px|||||\u00bb global_colors_info=\u00bb{}\u00bb][\/et_pb_divider][\/et_pb_column][\/et_pb_row][et_pb_row column_structure=\u00bb1_3,2_3&#8243; _builder_version=\u00bb4.17.3&#8243; _module_preset=\u00bbdefault\u00bb background_color=\u00bb#FFFFFF\u00bb border_radii=\u00bbon|6px|6px|6px|6px\u00bb border_width_top=\u00bb10px\u00bb border_color_top=\u00bb#0C71C3&#8243; box_shadow_style=\u00bbpreset2&#8243; global_colors_info=\u00bb{}\u00bb disabled_on=\u00bbon|on|on\u00bb disabled=\u00bbon\u00bb][et_pb_column type=\u00bb1_3&#8243; _builder_version=\u00bb4.17.3&#8243; _module_preset=\u00bbdefault\u00bb custom_padding=\u00bb|||25px|false|false\u00bb global_colors_info=\u00bb{}\u00bb][et_pb_text _builder_version=\u00bb4.17.3&#8243; _module_preset=\u00bbdefault\u00bb text_font=\u00bbRubik|500|||||||\u00bb text_font_size=\u00bb20px\u00bb text_line_height=\u00bb1.2em\u00bb custom_margin=\u00bb||9px|||\u00bb global_colors_info=\u00bb{}\u00bb]<\/p>\n<p>COMIT\u00c9 T\u00c9CNICO FUNCIONAL DE SECTOR GUBERNAMENTAL<\/p>\n<p>[\/et_pb_text][et_pb_image src=\u00bbhttps:\/\/www.ccplima.org.pe\/wp2\/wp-content\/uploads\/2024\/11\/foto_cd.jpeg\u00bb title_text=\u00bbfoto_cd\u00bb _builder_version=\u00bb4.17.3&#8243; _module_preset=\u00bbdefault\u00bb width=\u00bb88%\u00bb global_colors_info=\u00bb{}\u00bb][\/et_pb_image][\/et_pb_column][et_pb_column type=\u00bb2_3&#8243; _builder_version=\u00bb4.17.3&#8243; _module_preset=\u00bbdefault\u00bb global_colors_info=\u00bb{}\u00bb][et_pb_text _builder_version=\u00bb4.17.3&#8243; _module_preset=\u00bbdefault\u00bb min_height=\u00bb247px\u00bb custom_margin=\u00bb29px|||||\u00bb custom_padding=\u00bb|28px||||\u00bb global_colors_info=\u00bb{}\u00bb]<\/p>\n<p style=\"text-align: justify;\">\n<p style=\"text-align: justify;\">\n<p style=\"text-align: justify;\">\n<ul>\n<li style=\"text-align: justify;\"><strong>Presidente:<\/strong> Julio Guerra Castillo<\/li>\n<li style=\"text-align: justify;\"><strong style=\"font-size: 14px;\">Secretario:<\/strong><span style=\"font-size: 14px;\"> Yovana Luz Reynoso Fern\u00e1ndez<\/span><\/li>\n<li style=\"text-align: justify;\"><strong>Vocal:<\/strong> Cailuz Catalina Navarro S\u00e1nchez<\/li>\n<li><strong>Vocal:<\/strong> Pedro Martin Vilcachagua Ortiz<\/li>\n<li><strong>Vocal:<\/strong> Jhon Alexander Huillca\u00f1ahui Becerra<\/li>\n<\/ul>\n<p>[\/et_pb_text][\/et_pb_column][\/et_pb_row][et_pb_row _builder_version=\u00bb4.17.3&#8243; _module_preset=\u00bbdefault\u00bb custom_padding=\u00bb||0px|||\u00bb global_colors_info=\u00bb{}\u00bb][et_pb_column type=\u00bb4_4&#8243; _builder_version=\u00bb4.17.3&#8243; _module_preset=\u00bbdefault\u00bb global_colors_info=\u00bb{}\u00bb][et_pb_divider show_divider=\u00bboff\u00bb _builder_version=\u00bb4.17.3&#8243; _module_preset=\u00bbdefault\u00bb custom_margin=\u00bb-14px|||||\u00bb global_colors_info=\u00bb{}\u00bb][\/et_pb_divider][\/et_pb_column][\/et_pb_row][et_pb_row column_structure=\u00bb1_3,2_3&#8243; _builder_version=\u00bb4.17.3&#8243; _module_preset=\u00bbdefault\u00bb background_color=\u00bb#FFFFFF\u00bb border_radii=\u00bbon|6px|6px|6px|6px\u00bb border_width_top=\u00bb10px\u00bb border_color_top=\u00bb#0C71C3&#8243; box_shadow_style=\u00bbpreset2&#8243; global_colors_info=\u00bb{}\u00bb disabled_on=\u00bbon|on|on\u00bb disabled=\u00bbon\u00bb][et_pb_column type=\u00bb1_3&#8243; _builder_version=\u00bb4.17.3&#8243; _module_preset=\u00bbdefault\u00bb custom_padding=\u00bb|||25px|false|false\u00bb global_colors_info=\u00bb{}\u00bb][et_pb_text _builder_version=\u00bb4.17.3&#8243; _module_preset=\u00bbdefault\u00bb text_font=\u00bbRubik|500|||||||\u00bb text_font_size=\u00bb20px\u00bb text_line_height=\u00bb1.2em\u00bb custom_margin=\u00bb||9px|||\u00bb global_colors_info=\u00bb{}\u00bb]<\/p>\n<p>COMIT\u00c9 T\u00c9CNICO FUNCIONAL DE EDUCACI\u00d3N<\/p>\n<p>[\/et_pb_text][et_pb_image src=\u00bbhttps:\/\/www.ccplima.org.pe\/wp2\/wp-content\/uploads\/2024\/11\/foto_cd.jpeg\u00bb title_text=\u00bbfoto_cd\u00bb _builder_version=\u00bb4.17.3&#8243; _module_preset=\u00bbdefault\u00bb width=\u00bb88%\u00bb global_colors_info=\u00bb{}\u00bb][\/et_pb_image][\/et_pb_column][et_pb_column type=\u00bb2_3&#8243; _builder_version=\u00bb4.17.3&#8243; _module_preset=\u00bbdefault\u00bb global_colors_info=\u00bb{}\u00bb][et_pb_text _builder_version=\u00bb4.17.3&#8243; _module_preset=\u00bbdefault\u00bb min_height=\u00bb247px\u00bb custom_margin=\u00bb29px|||||\u00bb custom_padding=\u00bb|28px||||\u00bb global_colors_info=\u00bb{}\u00bb]<\/p>\n<p style=\"text-align: justify;\">\n<p style=\"text-align: justify;\">\n<p style=\"text-align: justify;\">\n<ul>\n<li style=\"text-align: justify;\"><strong>Presidente:<\/strong> Catherine \u00darsuka Yanqui Consa<\/li>\n<li style=\"text-align: justify;\"><strong style=\"font-size: 14px;\">Secretario:<\/strong><span style=\"font-size: 14px;\"> Carlos Cesar Vivanco Bustamante<\/span><\/li>\n<li style=\"text-align: justify;\"><strong>Vocal:<\/strong> Ra\u00fal Carhuamaca Borda<\/li>\n<li><strong>Vocal:<\/strong> Edith Rosario Zu\u00f1iga Taza<\/li>\n<li><strong>Vocal:<\/strong> Zulma Cer\u00f3n Salazar<\/li>\n<\/ul>\n<p>[\/et_pb_text][\/et_pb_column][\/et_pb_row][et_pb_row _builder_version=\u00bb4.17.3&#8243; _module_preset=\u00bbdefault\u00bb custom_padding=\u00bb||0px|||\u00bb global_colors_info=\u00bb{}\u00bb][et_pb_column type=\u00bb4_4&#8243; _builder_version=\u00bb4.17.3&#8243; _module_preset=\u00bbdefault\u00bb global_colors_info=\u00bb{}\u00bb][et_pb_divider show_divider=\u00bboff\u00bb _builder_version=\u00bb4.17.3&#8243; _module_preset=\u00bbdefault\u00bb custom_margin=\u00bb-14px|||||\u00bb global_colors_info=\u00bb{}\u00bb][\/et_pb_divider][\/et_pb_column][\/et_pb_row][et_pb_row column_structure=\u00bb1_3,2_3&#8243; _builder_version=\u00bb4.17.3&#8243; _module_preset=\u00bbdefault\u00bb background_color=\u00bb#FFFFFF\u00bb border_radii=\u00bbon|6px|6px|6px|6px\u00bb border_width_top=\u00bb10px\u00bb border_color_top=\u00bb#0C71C3&#8243; box_shadow_style=\u00bbpreset2&#8243; global_colors_info=\u00bb{}\u00bb disabled_on=\u00bbon|on|on\u00bb disabled=\u00bbon\u00bb][et_pb_column type=\u00bb1_3&#8243; _builder_version=\u00bb4.17.3&#8243; _module_preset=\u00bbdefault\u00bb custom_padding=\u00bb|||25px|false|false\u00bb global_colors_info=\u00bb{}\u00bb][et_pb_text _builder_version=\u00bb4.17.3&#8243; _module_preset=\u00bbdefault\u00bb text_font=\u00bbRubik|500|||||||\u00bb text_font_size=\u00bb20px\u00bb text_line_height=\u00bb1.2em\u00bb custom_margin=\u00bb||9px|||\u00bb global_colors_info=\u00bb{}\u00bb]<\/p>\n<p>COMIT\u00c9 T\u00c9CNICO FUNCIONAL DE LAS NIIF<\/p>\n<p>[\/et_pb_text][et_pb_image src=\u00bbhttps:\/\/www.ccplima.org.pe\/wp2\/wp-content\/uploads\/2024\/11\/foto_cd.jpeg\u00bb title_text=\u00bbfoto_cd\u00bb _builder_version=\u00bb4.17.3&#8243; _module_preset=\u00bbdefault\u00bb width=\u00bb88%\u00bb global_colors_info=\u00bb{}\u00bb][\/et_pb_image][\/et_pb_column][et_pb_column type=\u00bb2_3&#8243; _builder_version=\u00bb4.17.3&#8243; _module_preset=\u00bbdefault\u00bb global_colors_info=\u00bb{}\u00bb][et_pb_text _builder_version=\u00bb4.17.3&#8243; _module_preset=\u00bbdefault\u00bb min_height=\u00bb247px\u00bb custom_margin=\u00bb29px|||||\u00bb custom_padding=\u00bb|28px||||\u00bb global_colors_info=\u00bb{}\u00bb]<\/p>\n<p style=\"text-align: justify;\">\n<p style=\"text-align: justify;\">\n<p style=\"text-align: justify;\">\n<ul>\n<li style=\"text-align: justify;\"><strong>Presidente:<\/strong> Clefort Bachan Alc\u00e1ntara Cuadro<\/li>\n<li style=\"text-align: justify;\"><strong style=\"font-size: 14px;\">Secretario:<\/strong><span style=\"font-size: 14px;\"> V\u00b4\u00edctor Edgardo Yactayo Almendras<\/span><\/li>\n<li style=\"text-align: justify;\"><strong>Vocal:<\/strong> Maribel Arana Beltr\u00e1n\u00a0<\/li>\n<li><strong>Vocal:<\/strong> David Quiroz Suarez<\/li>\n<li><strong>Vocal:<\/strong> Karina Le\u00f3n Villafuerte<\/li>\n<\/ul>\n<p>[\/et_pb_text][\/et_pb_column][\/et_pb_row][et_pb_row _builder_version=\u00bb4.17.3&#8243; _module_preset=\u00bbdefault\u00bb custom_padding=\u00bb||0px|||\u00bb global_colors_info=\u00bb{}\u00bb][et_pb_column type=\u00bb4_4&#8243; _builder_version=\u00bb4.17.3&#8243; _module_preset=\u00bbdefault\u00bb global_colors_info=\u00bb{}\u00bb][et_pb_divider show_divider=\u00bboff\u00bb _builder_version=\u00bb4.17.3&#8243; _module_preset=\u00bbdefault\u00bb custom_margin=\u00bb-14px|||||\u00bb global_colors_info=\u00bb{}\u00bb][\/et_pb_divider][\/et_pb_column][\/et_pb_row][et_pb_row column_structure=\u00bb1_3,2_3&#8243; _builder_version=\u00bb4.17.3&#8243; _module_preset=\u00bbdefault\u00bb background_color=\u00bb#FFFFFF\u00bb border_radii=\u00bbon|6px|6px|6px|6px\u00bb border_width_top=\u00bb10px\u00bb border_color_top=\u00bb#0C71C3&#8243; box_shadow_style=\u00bbpreset2&#8243; global_colors_info=\u00bb{}\u00bb disabled_on=\u00bbon|on|on\u00bb disabled=\u00bbon\u00bb][et_pb_column type=\u00bb1_3&#8243; _builder_version=\u00bb4.17.3&#8243; _module_preset=\u00bbdefault\u00bb custom_padding=\u00bb|||25px|false|false\u00bb global_colors_info=\u00bb{}\u00bb][et_pb_text _builder_version=\u00bb4.17.3&#8243; _module_preset=\u00bbdefault\u00bb text_font=\u00bbRubik|500|||||||\u00bb text_font_size=\u00bb20px\u00bb text_line_height=\u00bb1.2em\u00bb custom_margin=\u00bb||9px|||\u00bb global_colors_info=\u00bb{}\u00bb]<\/p>\n<p>COMIT\u00c9 DE INVESTIGACION CONTABLE<\/p>\n<p>[\/et_pb_text][et_pb_image src=\u00bbhttps:\/\/www.ccplima.org.pe\/wp2\/wp-content\/uploads\/2024\/11\/foto_cd.jpeg\u00bb title_text=\u00bbfoto_cd\u00bb _builder_version=\u00bb4.17.3&#8243; _module_preset=\u00bbdefault\u00bb width=\u00bb88%\u00bb global_colors_info=\u00bb{}\u00bb][\/et_pb_image][\/et_pb_column][et_pb_column type=\u00bb2_3&#8243; _builder_version=\u00bb4.17.3&#8243; _module_preset=\u00bbdefault\u00bb global_colors_info=\u00bb{}\u00bb][et_pb_text _builder_version=\u00bb4.17.3&#8243; _module_preset=\u00bbdefault\u00bb min_height=\u00bb247px\u00bb custom_margin=\u00bb29px|||||\u00bb custom_padding=\u00bb|28px||||\u00bb global_colors_info=\u00bb{}\u00bb]<\/p>\n<p style=\"text-align: justify;\">\n<p style=\"text-align: justify;\">\n<p style=\"text-align: justify;\">\n<ul>\n<li style=\"text-align: justify;\"><strong>Presidente:<\/strong> Johnny Elver Zorrilla Rojas<\/li>\n<li style=\"text-align: justify;\"><strong style=\"font-size: 14px;\">Secretario:<\/strong><span style=\"font-size: 14px;\"> Carlos Victor Frassietti La Serva<\/span><\/li>\n<li style=\"text-align: justify;\"><strong>Vocal:<\/strong> Jely Formila Antaurco<\/li>\n<li><strong>Vocal:<\/strong> Elizabeth Mabel Lozano Ramirez<\/li>\n<li><strong>Vocal:<\/strong> Cristhian Virgilio Weis Flores<\/li>\n<\/ul>\n<p>[\/et_pb_text][\/et_pb_column][\/et_pb_row][et_pb_row _builder_version=\u00bb4.17.3&#8243; _module_preset=\u00bbdefault\u00bb custom_padding=\u00bb||0px|||\u00bb global_colors_info=\u00bb{}\u00bb][et_pb_column type=\u00bb4_4&#8243; _builder_version=\u00bb4.17.3&#8243; _module_preset=\u00bbdefault\u00bb global_colors_info=\u00bb{}\u00bb][et_pb_divider show_divider=\u00bboff\u00bb _builder_version=\u00bb4.17.3&#8243; _module_preset=\u00bbdefault\u00bb custom_margin=\u00bb-14px|||||\u00bb global_colors_info=\u00bb{}\u00bb][\/et_pb_divider][\/et_pb_column][\/et_pb_row][et_pb_row column_structure=\u00bb1_3,2_3&#8243; _builder_version=\u00bb4.17.3&#8243; _module_preset=\u00bbdefault\u00bb background_color=\u00bb#FFFFFF\u00bb border_radii=\u00bbon|6px|6px|6px|6px\u00bb border_width_top=\u00bb10px\u00bb border_color_top=\u00bb#0C71C3&#8243; box_shadow_style=\u00bbpreset2&#8243; global_colors_info=\u00bb{}\u00bb disabled_on=\u00bbon|on|on\u00bb disabled=\u00bbon\u00bb][et_pb_column type=\u00bb1_3&#8243; _builder_version=\u00bb4.17.3&#8243; _module_preset=\u00bbdefault\u00bb custom_padding=\u00bb|||25px|false|false\u00bb global_colors_info=\u00bb{}\u00bb][et_pb_text _builder_version=\u00bb4.17.3&#8243; _module_preset=\u00bbdefault\u00bb text_font=\u00bbRubik|500|||||||\u00bb text_font_size=\u00bb20px\u00bb text_line_height=\u00bb1.2em\u00bb custom_margin=\u00bb||9px|||\u00bb global_colors_info=\u00bb{}\u00bb]<\/p>\n<p>COMIT\u00c9\u00a0 SISTEMA Y TECNOLOGIA DE LA INFORMACION<\/p>\n<p>[\/et_pb_text][et_pb_image src=\u00bbhttps:\/\/www.ccplima.org.pe\/wp2\/wp-content\/uploads\/2024\/11\/foto_cd.jpeg\u00bb title_text=\u00bbfoto_cd\u00bb _builder_version=\u00bb4.17.3&#8243; _module_preset=\u00bbdefault\u00bb width=\u00bb88%\u00bb global_colors_info=\u00bb{}\u00bb][\/et_pb_image][\/et_pb_column][et_pb_column type=\u00bb2_3&#8243; _builder_version=\u00bb4.17.3&#8243; _module_preset=\u00bbdefault\u00bb global_colors_info=\u00bb{}\u00bb][et_pb_text _builder_version=\u00bb4.17.3&#8243; _module_preset=\u00bbdefault\u00bb min_height=\u00bb247px\u00bb custom_margin=\u00bb29px|||||\u00bb custom_padding=\u00bb|28px||||\u00bb global_colors_info=\u00bb{}\u00bb]<\/p>\n<p style=\"text-align: justify;\">\n<p style=\"text-align: justify;\">\n<p style=\"text-align: justify;\">\n<ul>\n<li style=\"text-align: justify;\"><strong>Presidente:<\/strong> Jean Piere <span style=\"font-size: 14px;\">Nelson Weis Flores<\/span><\/li>\n<li style=\"text-align: justify;\"><strong style=\"font-size: 14px;\">Secretario:<\/strong><span style=\"font-size: 14px;\"> Juan Carlos Orellana Antu<\/span><\/li>\n<li style=\"text-align: justify;\"><strong>Vocal:<\/strong> Miguel Angel Casas Carbajal<\/li>\n<li><strong>Vocal:<\/strong> Carlos Alberto Elias Loayza Ramirez<\/li>\n<li><strong>Vocal:<\/strong> Juan Carlos Bruno Palomino<\/li>\n<\/ul>\n<p>[\/et_pb_text][\/et_pb_column][\/et_pb_row][et_pb_row _builder_version=\u00bb4.17.3&#8243; _module_preset=\u00bbdefault\u00bb custom_padding=\u00bb||0px|||\u00bb global_colors_info=\u00bb{}\u00bb][et_pb_column type=\u00bb4_4&#8243; _builder_version=\u00bb4.17.3&#8243; _module_preset=\u00bbdefault\u00bb global_colors_info=\u00bb{}\u00bb][et_pb_divider show_divider=\u00bboff\u00bb _builder_version=\u00bb4.17.3&#8243; _module_preset=\u00bbdefault\u00bb custom_margin=\u00bb-14px|||||\u00bb global_colors_info=\u00bb{}\u00bb][\/et_pb_divider][\/et_pb_column][\/et_pb_row][et_pb_row column_structure=\u00bb1_3,2_3&#8243; _builder_version=\u00bb4.17.3&#8243; _module_preset=\u00bbdefault\u00bb background_color=\u00bb#FFFFFF\u00bb border_radii=\u00bbon|6px|6px|6px|6px\u00bb border_width_top=\u00bb10px\u00bb border_color_top=\u00bb#0C71C3&#8243; box_shadow_style=\u00bbpreset2&#8243; global_colors_info=\u00bb{}\u00bb disabled_on=\u00bbon|on|on\u00bb disabled=\u00bbon\u00bb][et_pb_column type=\u00bb1_3&#8243; _builder_version=\u00bb4.17.3&#8243; _module_preset=\u00bbdefault\u00bb custom_padding=\u00bb|||25px|false|false\u00bb global_colors_info=\u00bb{}\u00bb][et_pb_text _builder_version=\u00bb4.17.3&#8243; _module_preset=\u00bbdefault\u00bb text_font=\u00bbRubik|500|||||||\u00bb text_font_size=\u00bb20px\u00bb text_line_height=\u00bb1.2em\u00bb custom_margin=\u00bb||9px|||\u00bb global_colors_info=\u00bb{}\u00bb]<\/p>\n<p>COMIT\u00c9 CONTROL DE CALIDAD<\/p>\n<p>[\/et_pb_text][et_pb_image src=\u00bbhttps:\/\/www.ccplima.org.pe\/wp2\/wp-content\/uploads\/2024\/11\/foto_cd.jpeg\u00bb title_text=\u00bbfoto_cd\u00bb _builder_version=\u00bb4.17.3&#8243; _module_preset=\u00bbdefault\u00bb width=\u00bb88%\u00bb global_colors_info=\u00bb{}\u00bb][\/et_pb_image][\/et_pb_column][et_pb_column type=\u00bb2_3&#8243; _builder_version=\u00bb4.17.3&#8243; _module_preset=\u00bbdefault\u00bb global_colors_info=\u00bb{}\u00bb][et_pb_text _builder_version=\u00bb4.17.3&#8243; _module_preset=\u00bbdefault\u00bb min_height=\u00bb247px\u00bb custom_margin=\u00bb29px|||||\u00bb custom_padding=\u00bb|28px||||\u00bb global_colors_info=\u00bb{}\u00bb]<\/p>\n<p style=\"text-align: justify;\">\n<p style=\"text-align: justify;\">\n<p style=\"text-align: justify;\">\n<ul>\n<li style=\"text-align: justify;\"><strong>Presidente:<\/strong> Miguel Ramos Lalupu<\/li>\n<li style=\"text-align: justify;\"><strong style=\"font-size: 14px;\">Secretario:<\/strong><span style=\"font-size: 14px;\"> Fredy Orlando Alvarado Salazar<\/span><\/li>\n<li style=\"text-align: justify;\"><strong>Vocal:<\/strong> Miguel Antonio Garay Vargas<\/li>\n<li><strong>Vocal:<\/strong> Yelina Quispe Porras<\/li>\n<li><strong>Vocal:<\/strong> Boris Angel Hurtado Ccenclo<\/li>\n<\/ul>\n<p>[\/et_pb_text][\/et_pb_column][\/et_pb_row][et_pb_row _builder_version=\u00bb4.17.3&#8243; _module_preset=\u00bbdefault\u00bb custom_padding=\u00bb||0px|||\u00bb global_colors_info=\u00bb{}\u00bb][et_pb_column type=\u00bb4_4&#8243; _builder_version=\u00bb4.17.3&#8243; _module_preset=\u00bbdefault\u00bb global_colors_info=\u00bb{}\u00bb][et_pb_divider show_divider=\u00bboff\u00bb _builder_version=\u00bb4.17.3&#8243; _module_preset=\u00bbdefault\u00bb custom_margin=\u00bb-14px|||||\u00bb global_colors_info=\u00bb{}\u00bb][\/et_pb_divider][\/et_pb_column][\/et_pb_row][et_pb_row column_structure=\u00bb1_3,2_3&#8243; _builder_version=\u00bb4.17.3&#8243; _module_preset=\u00bbdefault\u00bb background_color=\u00bb#FFFFFF\u00bb border_radii=\u00bbon|6px|6px|6px|6px\u00bb border_width_top=\u00bb10px\u00bb border_color_top=\u00bb#0C71C3&#8243; box_shadow_style=\u00bbpreset2&#8243; global_colors_info=\u00bb{}\u00bb disabled_on=\u00bbon|on|on\u00bb disabled=\u00bbon\u00bb][et_pb_column type=\u00bb1_3&#8243; _builder_version=\u00bb4.17.3&#8243; _module_preset=\u00bbdefault\u00bb custom_padding=\u00bb|||25px|false|false\u00bb global_colors_info=\u00bb{}\u00bb][et_pb_text _builder_version=\u00bb4.17.3&#8243; _module_preset=\u00bbdefault\u00bb text_font=\u00bbRubik|500|||||||\u00bb text_font_size=\u00bb20px\u00bb text_line_height=\u00bb1.2em\u00bb custom_margin=\u00bb||9px|||\u00bb global_colors_info=\u00bb{}\u00bb]<\/p>\n<p>COMIT\u00c9 LABORAL Y SALUD EN EL TRABAJO<\/p>\n<p>[\/et_pb_text][et_pb_image src=\u00bbhttps:\/\/www.ccplima.org.pe\/wp2\/wp-content\/uploads\/2024\/11\/foto_cd.jpeg\u00bb title_text=\u00bbfoto_cd\u00bb _builder_version=\u00bb4.17.3&#8243; _module_preset=\u00bbdefault\u00bb width=\u00bb88%\u00bb global_colors_info=\u00bb{}\u00bb][\/et_pb_image][\/et_pb_column][et_pb_column type=\u00bb2_3&#8243; _builder_version=\u00bb4.17.3&#8243; _module_preset=\u00bbdefault\u00bb global_colors_info=\u00bb{}\u00bb][et_pb_text _builder_version=\u00bb4.17.3&#8243; _module_preset=\u00bbdefault\u00bb min_height=\u00bb247px\u00bb custom_margin=\u00bb29px|||||\u00bb custom_padding=\u00bb|28px||||\u00bb global_colors_info=\u00bb{}\u00bb]<\/p>\n<p style=\"text-align: justify;\">\n<p style=\"text-align: justify;\">\n<p style=\"text-align: justify;\">\n<ul>\n<li style=\"text-align: justify;\"><strong>Presidente:<\/strong> Carlos Enrique Bereche Garcia<\/li>\n<li style=\"text-align: justify;\"><strong style=\"font-size: 14px;\">Secretario:<\/strong><span style=\"font-size: 14px;\"> Carlos Andres Armestar Loro<\/span><\/li>\n<li style=\"text-align: justify;\"><strong>Vocal:<\/strong> Desire Natali Aragon Alvarado<\/li>\n<li><strong>Vocal:<\/strong> Valerio Reyes Calvalle<\/li>\n<li><strong>Vocal:<\/strong> Luis Albero Mejia Escudero<\/li>\n<\/ul>\n<p>[\/et_pb_text][\/et_pb_column][\/et_pb_row][\/et_pb_section]<\/p>\n","protected":false},"excerpt":{"rendered":"<p>\u00d3RGANO DE GOBIERNOCONSEJO DIRECTIVO Decano: CPC. Francisco Mauro Garc\u00eda Espinoza Primer Vicedecano: CPC. Henry Milian Castillo Segundo Vicedecano: CPC. Haydee Urban Director Secretario: CPC. Claudia Carrascal Director de Finanzas: CPC. Noelia Tacza Director de Defensa Profesional: CPC. Jos\u00e9 C\u00f3rdova Director de Actividades Profesionales: CPC. Juana Bolivar Director de Cert\u00e1menes y Conferencias: CPC. Hector Calder\u00f3n Director [&hellip;]<\/p>\n","protected":false},"author":1,"featured_media":0,"parent":0,"menu_order":0,"comment_status":"closed","ping_status":"closed","template":"","meta":{"_et_pb_use_builder":"on","_et_pb_old_content":"","_et_gb_content_width":"","_joinchat":[],"footnotes":""},"class_list":["post-4350","page","type-page","status-publish","hentry"],"_links":{"self":[{"href":"https:\/\/www.ccplima.org.pe\/wp2\/wp-json\/wp\/v2\/pages\/4350","targetHints":{"allow":["GET"]}}],"collection":[{"href":"https:\/\/www.ccplima.org.pe\/wp2\/wp-json\/wp\/v2\/pages"}],"about":[{"href":"https:\/\/www.ccplima.org.pe\/wp2\/wp-json\/wp\/v2\/types\/page"}],"author":[{"embeddable":true,"href":"https:\/\/www.ccplima.org.pe\/wp2\/wp-json\/wp\/v2\/users\/1"}],"replies":[{"embeddable":true,"href":"https:\/\/www.ccplima.org.pe\/wp2\/wp-json\/wp\/v2\/comments?post=4350"}],"version-history":[{"count":41,"href":"https:\/\/www.ccplima.org.pe\/wp2\/wp-json\/wp\/v2\/pages\/4350\/revisions"}],"predecessor-version":[{"id":12195,"href":"https:\/\/www.ccplima.org.pe\/wp2\/wp-json\/wp\/v2\/pages\/4350\/revisions\/12195"}],"wp:attachment":[{"href":"https:\/\/www.ccplima.org.pe\/wp2\/wp-json\/wp\/v2\/media?parent=4350"}],"curies":[{"name":"wp","href":"https:\/\/api.w.org\/{rel}","templated":true}]}}